{"id":417,"date":"2017-07-17T20:36:51","date_gmt":"2017-07-18T01:36:51","guid":{"rendered":"http:\/\/www.foragua.org\/?page_id=417"},"modified":"2019-04-01T09:56:00","modified_gmt":"2019-04-01T14:56:00","slug":"escuela-del-agua","status":"publish","type":"page","link":"http:\/\/www.foragua.org\/?page_id=417","title":{"rendered":"Escuela del Agua"},"content":{"rendered":"<h2 style=\"text-align: center;\"><span style=\"color: #000080;\"><strong> PROGRAMA DE CAPACITACI\u00d3N CONTINUA \u201cESCUELA DEL AGUA\u201d<\/strong><\/span><\/h2>\n<p style=\"text-align: justify;\"><span style=\"color: #000080;\"><a href=\"http:\/\/www.foragua.org\/wp-content\/uploads\/2017\/07\/Logo-Escuela-del-Agua.jpg\"><img decoding=\"async\" loading=\"lazy\" class=\"alignleft wp-image-996\" src=\"http:\/\/www.foragua.org\/wp-content\/uploads\/2017\/07\/Logo-Escuela-del-Agua-1024x300.jpg\" alt=\"\" width=\"449\" height=\"131\" srcset=\"http:\/\/www.foragua.org\/wp-content\/uploads\/2017\/07\/Logo-Escuela-del-Agua-1024x300.jpg 1024w, http:\/\/www.foragua.org\/wp-content\/uploads\/2017\/07\/Logo-Escuela-del-Agua-e1549906427106-150x44.jpg 150w, http:\/\/www.foragua.org\/wp-content\/uploads\/2017\/07\/Logo-Escuela-del-Agua-300x88.jpg 300w, http:\/\/www.foragua.org\/wp-content\/uploads\/2017\/07\/Logo-Escuela-del-Agua-768x225.jpg 768w, http:\/\/www.foragua.org\/wp-content\/uploads\/2017\/07\/Logo-Escuela-del-Agua-600x176.jpg 600w, http:\/\/www.foragua.org\/wp-content\/uploads\/2017\/07\/Logo-Escuela-del-Agua.jpg 1406w\" sizes=\"(max-width: 449px) 100vw, 449px\" \/><\/a>El 06 de diciembre de 2016 fue un d\u00eda hist\u00f3rico para la conservaci\u00f3n y protecci\u00f3n de los \u00a0recursos h\u00eddricos de la regi\u00f3n sur y del Ecuador entero, puesto que con el apoyo del Fondo Regional del Agua (FORAGUA), Naturaleza y Cultura Internacional (NCI), Fondo para la Conservaci\u00f3n de la Cuenca del R\u00edo Paute (FONAPA) y la Universidad T\u00e9cnica Particular de Loja (UTPL) se lanz\u00f3 oficialmente el Programa de Capacitaci\u00f3n Continua Escuela del Agua, iniciativa liderada por la Secretar\u00eda del Agua (SENAGUA).<a href=\"http:\/\/www.foragua.org\/wp-content\/uploads\/2017\/07\/DEEEjR5XUAAjS43.jpg\"><img decoding=\"async\" loading=\"lazy\" class=\"alignleft size-large wp-image-847\" src=\"http:\/\/www.foragua.org\/wp-content\/uploads\/2017\/07\/DEEEjR5XUAAjS43-1024x690.jpg\" alt=\"\" width=\"1000\" height=\"674\" srcset=\"http:\/\/www.foragua.org\/wp-content\/uploads\/2017\/07\/DEEEjR5XUAAjS43-1024x690.jpg 1024w, http:\/\/www.foragua.org\/wp-content\/uploads\/2017\/07\/DEEEjR5XUAAjS43-300x202.jpg 300w, http:\/\/www.foragua.org\/wp-content\/uploads\/2017\/07\/DEEEjR5XUAAjS43-768x518.jpg 768w, http:\/\/www.foragua.org\/wp-content\/uploads\/2017\/07\/DEEEjR5XUAAjS43-1240x836.jpg 1240w, http:\/\/www.foragua.org\/wp-content\/uploads\/2017\/07\/DEEEjR5XUAAjS43-508x342.jpg 508w, http:\/\/www.foragua.org\/wp-content\/uploads\/2017\/07\/DEEEjR5XUAAjS43.jpg 2048w\" sizes=\"(max-width: 1000px) 100vw, 1000px\" \/><\/a><\/span><\/p>\n<p style=\"text-align: justify;\"><span style=\"color: #000080;\">En este contexto, se suscribieron 4 conveni<\/span><span style=\"color: #000080;\">os de cooperaci\u00f3n interinstitucional, entre NCI, Fonapa, Senagua y UTPL, con el fin de implementar el curso de formaci\u00f3n acad\u00e9mica en Conservaci\u00f3n y Manejo de Fuentes de Agua.<\/span><\/p>\n<p style=\"text-align: justify;\"><span style=\"color: #000080;\">El programa en menci\u00f3n, tendr\u00e1 una duraci\u00f3n de tres a\u00f1os y se espera que al menos 24 GADs y m\u00e1s de 100 funcionarios municipales sean capacitados y acreditados. Adicionalmente se pretende declarar m\u00e1s de 100000 hect\u00e1reas (ha) de reservas para proteger los recursos h\u00eddricos; y una inversi\u00f3n en conservaci\u00f3n mayor a USD 500 000 anuales por parte de los GAD.<\/span><\/p>\n<p><span style=\"color: #000080;\"><img decoding=\"async\" loading=\"lazy\" class=\"aligncenter wp-image-830 size-full\" src=\"http:\/\/www.foragua.org\/wp-content\/uploads\/2017\/07\/15781708_649545011884940_8507099843219946470_n.jpg\" alt=\"\" width=\"960\" height=\"540\" srcset=\"http:\/\/www.foragua.org\/wp-content\/uploads\/2017\/07\/15781708_649545011884940_8507099843219946470_n.jpg 960w, http:\/\/www.foragua.org\/wp-content\/uploads\/2017\/07\/15781708_649545011884940_8507099843219946470_n-300x169.jpg 300w, http:\/\/www.foragua.org\/wp-content\/uploads\/2017\/07\/15781708_649545011884940_8507099843219946470_n-768x432.jpg 768w, http:\/\/www.foragua.org\/wp-content\/uploads\/2017\/07\/15781708_649545011884940_8507099843219946470_n-508x286.jpg 508w\" sizes=\"(max-width: 960px) 100vw, 960px\" \/><\/span><\/p>\n<p style=\"text-align: justify;\"><span style=\"color: #000080;\"><strong>MISI\u00d3N: <\/strong>La Escuela del Agua busca fortalecer las capacidades de los prestadores de servicios de agua potable y riego, otros usuarios y dem\u00e1s instituciones vinculadas a la gesti\u00f3n del agua, en las m\u00faltiples tem\u00e1ticas necesarias para garantizar la conservaci\u00f3n, recuperaci\u00f3n y manejo integral de las\u00a0 cuencas hidrogr\u00e1ficas en el pa\u00eds.<\/span><\/p>\n<p><a href=\"http:\/\/www.foragua.org\/wp-content\/uploads\/2017\/07\/45791904_1021988571307247_2685832475426422784_n.jpg\"><img decoding=\"async\" loading=\"lazy\" class=\"alignleft size-full wp-image-994\" src=\"http:\/\/www.foragua.org\/wp-content\/uploads\/2017\/07\/45791904_1021988571307247_2685832475426422784_n.jpg\" alt=\"\" width=\"960\" height=\"540\" srcset=\"http:\/\/www.foragua.org\/wp-content\/uploads\/2017\/07\/45791904_1021988571307247_2685832475426422784_n.jpg 960w, http:\/\/www.foragua.org\/wp-content\/uploads\/2017\/07\/45791904_1021988571307247_2685832475426422784_n-300x169.jpg 300w, http:\/\/www.foragua.org\/wp-content\/uploads\/2017\/07\/45791904_1021988571307247_2685832475426422784_n-768x432.jpg 768w, http:\/\/www.foragua.org\/wp-content\/uploads\/2017\/07\/45791904_1021988571307247_2685832475426422784_n-533x300.jpg 533w\" sizes=\"(max-width: 960px) 100vw, 960px\" \/><\/a><\/p>\n<p style=\"text-align: justify;\"><span style=\"color: #000080;\">El curso te\u00f3rico \u2013 pr\u00e1ctico en Conservaci\u00f3n y Manejo de Fuentes de Agua, \u00a0est\u00e1 basado en 10 a\u00f1os de experiencias con 65 GADs municipales del Ecuador. Este curso brinda a los funcionarios municipales las herramientas t\u00e9cnicas, legales y financieras necesarias para la adecuada gesti\u00f3n de los recursos h\u00eddricos. Adem\u00e1s promueve el intercambio de experiencias, la generaci\u00f3n de informaci\u00f3n y resultados pr\u00e1cticos en beneficio de los GADs.<\/span><\/p>\n<p style=\"text-align: justify;\"><span style=\"color: #000080;\"><strong>DESTINATARIOS: <\/strong>El curso est\u00e1 dirigido a GADs municipales\u00a0 comprometidos con la conservaci\u00f3n y gesti\u00f3n de sus fuentes h\u00eddricas, los cuales recibir\u00e1n capacitaci\u00f3n gratuita y acreditaci\u00f3n para sus funcionarios. Aplica para los t\u00e9cnicos de las dependencias de Planificaci\u00f3n, Asesor\u00eda Jur\u00eddica, Ambiente, Agua Potable, Comisar\u00eda y Concejo Cantonal.<\/span><\/p>\n<p style=\"text-align: justify;\"><span style=\"color: #000080;\"><strong>\u00a0<\/strong><\/span><\/p>\n<p><a style=\"text-align: justify;\" href=\"https:\/\/educacioncontinua.utpl.edu.ec\/sites\/default\/files\/files\/escuela%20del%20agua%20edu%20continua%20utpl(2).pdf\" target=\"_blank\" rel=\"noopener\"><img decoding=\"async\" loading=\"lazy\" class=\"alignleft wp-image-877\" src=\"http:\/\/www.foragua.org\/wp-content\/uploads\/2017\/07\/descarga.png\" alt=\"\" width=\"126\" height=\"127\" srcset=\"http:\/\/www.foragua.org\/wp-content\/uploads\/2017\/07\/descarga.png 298w, http:\/\/www.foragua.org\/wp-content\/uploads\/2017\/07\/descarga-150x150.png 150w\" sizes=\"(max-width: 126px) 100vw, 126px\" \/><\/a><\/p>\n<p style=\"text-align: justify;\"><span style=\"color: #000080;\"><strong>MODALIDAD DE CAPACITACI\u00d3N: <\/strong>El curso se encuentra estructurado por 5 m\u00f3dulos de ense\u00f1anza \u2013aprendizaje y ser\u00e1 dictado bajo la modalidad semi-presencial, utilizando las sistemas de informaci\u00f3n \u00a0y c<\/span><span style=\"color: #000080;\">omunicaci\u00f3n \u2013TiCs m\u00e1s modernas de la Universidad T\u00e9cnica Particular de Loja (UTPL<strong>).<\/strong><\/span><\/p>\n<p>&nbsp;<\/p>\n<p style=\"text-align: justify;\"><span style=\"color: #000080;\">Los funcionarios municipales ser\u00e1n incluidos en los m\u00f3dulos seg\u00fan sus competencias e intereses. Se incluir\u00e1 trabajos en campo y oficina a ser desarrollados por los participantes en sus respectivos cantones con el seguimiento de los instructores a trav\u00e9s de las tutor\u00edas en l\u00ednea.<\/span><\/p>\n<h4><a href=\"http:\/\/INFORMACI\u00d3N: HTTPS:\/\/EDUCACIONCONTINUA.UTPL.EDU.EC\/ESCUELA-DEL-AGUA\" target=\"_blank\" rel=\"noopener\">INFORMACI\u00d3N: https:\/\/educacioncontinua.utpl.edu.ec\/escuela-del-agua<\/a><\/h4>\n<p style=\"text-align: justify;\"><span style=\"color: #000080;\"><strong><a href=\"https:\/\/educacioncontinua.utpl.edu.ec\/sites\/default\/files\/files\/escuela%20del%20agua%20edu%20continua%20utpl(2).pdf\" target=\"_blank\" rel=\"noopener\">https:\/\/educacioncontinua.utpl.edu.ec\/sites\/default\/files\/files\/escuela%20del%20agua%20edu%20continua%20utpl(2).pdf<\/a><\/strong><\/span><\/p>\n<p style=\"text-align: justify;\"><span style=\"color: #000080;\"><strong>PRODUCTOS GENERADOS POR LOS GADS PARTICIPANTES:\u00a0 <\/strong>\u00a0Cada m\u00f3dulo incluye la elaboraci\u00f3n de productos espec\u00edficos, que deben ser entregados por \u00a0los GADs participantes al finalizar el curso:<\/span><\/p>\n<ol style=\"text-align: justify;\">\n<li><span style=\"color: #000080;\">L\u00ednea de base y diagn\u00f3stico t\u00e9cnico del principal sistema de abastecimiento de agua potable del cant\u00f3n.<\/span><\/li>\n<li><span style=\"color: #000080;\">Definici\u00f3n de Indicadores y metodolog\u00edas de la calidad de agua y gesti\u00f3n integral.<\/span><\/li>\n<li><span style=\"color: #000080;\">Georreferenciaci\u00f3n y mapeo de las \u00e1reas de inter\u00e9s h\u00eddrico; uso del suelo, conflictos, identificaci\u00f3n y delimitaci\u00f3n de \u00e1reas prioritarias para la conservaci\u00f3n.<\/span><\/li>\n<li><span style=\"color: #000080;\">Ordenanza Municipal para la conservaci\u00f3n, Recuperaci\u00f3n, financiamiento y manejo de las fuentes de agua.<\/span><\/li>\n<li><span style=\"color: #000080;\">Dise\u00f1o de proyectos prioritarios, campa\u00f1as de concienciaci\u00f3n y negociaci\u00f3n para la conservaci\u00f3n de las fuentes de agua.<a href=\"http:\/\/www.foragua.org\/wp-content\/uploads\/2017\/07\/Proceso-adhesion.png\"><img decoding=\"async\" loading=\"lazy\" class=\"aligncenter wp-image-444 size-full\" src=\"http:\/\/www.foragua.org\/wp-content\/uploads\/2017\/07\/Proceso-adhesion.png\" alt=\"\" width=\"1301\" height=\"868\" srcset=\"http:\/\/www.foragua.org\/wp-content\/uploads\/2017\/07\/Proceso-adhesion.png 1301w, http:\/\/www.foragua.org\/wp-content\/uploads\/2017\/07\/Proceso-adhesion-300x200.png 300w, http:\/\/www.foragua.org\/wp-content\/uploads\/2017\/07\/Proceso-adhesion-768x512.png 768w, http:\/\/www.foragua.org\/wp-content\/uploads\/2017\/07\/Proceso-adhesion-1024x683.png 1024w\" sizes=\"(max-width: 1301px) 100vw, 1301px\" \/><\/a><\/span><\/li>\n<\/ol>\n<p style=\"text-align: justify;\"><span style=\"color: #000080;\"><strong>REQUISITOS: <\/strong><\/span><\/p>\n<ol style=\"text-align: justify;\">\n<li><span style=\"color: #000080;\">Resoluci\u00f3n suscrita por el Alcalde del cant\u00f3n comprometiendo su voluntad pol\u00edtica y su disposici\u00f3n institucional para la participaci\u00f3n del municipio y de sus funcionarios en las distintas fases del curso.<\/span><\/li>\n<li><span style=\"color: #000080;\">Acuerdo compromiso suscrito por los funcionarios municipales participantes.<\/span><\/li>\n<li><span style=\"color: #000080;\">Ficha de inscripci\u00f3n al curso<\/span><\/li>\n<\/ol>\n<p style=\"text-align: justify;\"><span style=\"color: #000080;\"><strong>LUGAR:<\/strong> La fase presencial del curso se desarrolla en las instalaciones de la Universidad T\u00e9cnica particular de Loja. La fase a distancia a trav\u00e9s de la plataforma virtual de aprendizaje.\u00a0<\/span><\/p>\n<p style=\"text-align: justify;\"><span style=\"color: #000080;\"><strong>CONTACTOS:<\/strong><\/span><\/p>\n<p style=\"text-align: justify;\"><span style=\"color: #000080;\">Francisco Gordillo.<\/span><\/p>\n<p style=\"text-align: justify;\"><span style=\"color: #000080;\">fpgordillo@gmail.com \/ <a href=\"mailto:foragua@gmail.com\">foragua@gmail.com<\/a><\/span><\/p>\n<p style=\"text-align: justify;\"><span style=\"color: #000080;\">Cyndy Sanches<\/span><span style=\"color: #000080;\">.<\/span><\/p>\n<p><a class=\"Yh1nIb asUmFb AL18ce\" href=\"mailto:cindy_sanz92@hotmail.com\" target=\"_blank\" rel=\"noopener\" data-tooltip=\"Del perfil de Google del usuario\" data-tooltip-position=\"top\">cindy_sanz92@hotmail.com<\/a>\u00a0\/ 0960152801 \/ 2724603<\/p>\n<p style=\"text-align: justify;\"><span style=\"color: #000080;\">Fabi\u00e1n Rodas.<\/span><\/p>\n<p style=\"text-align: justify;\"><span style=\"color: #000080;\">frodas@naturalezaycultura.org.\/0994475728<\/span><\/p>\n<p style=\"text-align: justify;\"><span style=\"color: #000080;\"><strong>\u00a0<\/strong><\/span><\/p>\n<p style=\"text-align: justify;\"><span style=\"color: #000080;\"><b style=\"color: #000080;\">Son ya dos promociones de graduados que recibieron su diploma de <\/b><span style=\"color: #000080;\"><b>aprobaci\u00f3n<\/b><\/span><b style=\"color: #000080;\">. <\/b><span style=\"color: #000080;\"><b>Tambi\u00e9n<\/b><\/span><b style=\"color: #000080;\">\u00a0recibieron equipamiento (Computadora y GPS) los departamentos de <\/b><span style=\"color: #000080;\"><b>Gesti\u00f3n<\/b><\/span><b style=\"color: #000080;\">\u00a0Ambiental de los GADs <\/b><span style=\"color: #000080;\"><b>participantes<\/b><\/span><b style=\"color: #000080;\">.<\/b><\/span><\/p>\n<p><a href=\"http:\/\/www.foragua.org\/wp-content\/uploads\/2017\/07\/42134403_10217448478903448_8548475934116675584_o.jpg\"><img decoding=\"async\" loading=\"lazy\" class=\"alignleft size-large wp-image-1053\" src=\"http:\/\/www.foragua.org\/wp-content\/uploads\/2017\/07\/42134403_10217448478903448_8548475934116675584_o-1024x768.jpg\" alt=\"\" width=\"525\" height=\"394\" srcset=\"http:\/\/www.foragua.org\/wp-content\/uploads\/2017\/07\/42134403_10217448478903448_8548475934116675584_o-1024x768.jpg 1024w, http:\/\/www.foragua.org\/wp-content\/uploads\/2017\/07\/42134403_10217448478903448_8548475934116675584_o-300x225.jpg 300w, http:\/\/www.foragua.org\/wp-content\/uploads\/2017\/07\/42134403_10217448478903448_8548475934116675584_o-768x576.jpg 768w, http:\/\/www.foragua.org\/wp-content\/uploads\/2017\/07\/42134403_10217448478903448_8548475934116675584_o-400x300.jpg 400w, http:\/\/www.foragua.org\/wp-content\/uploads\/2017\/07\/42134403_10217448478903448_8548475934116675584_o.jpg 1280w\" sizes=\"(max-width: 525px) 100vw, 525px\" \/><\/a><\/p>\n<p style=\"text-align: justify;\"><span style=\"color: #000080;\">\u00a0<\/span><\/p>\n<p><a href=\"http:\/\/www.foragua.org\/wp-content\/uploads\/2017\/07\/45791904_1021988571307247_2685832475426422784_n-3.jpg\"><img decoding=\"async\" loading=\"lazy\" class=\"alignleft size-full wp-image-1145\" src=\"http:\/\/www.foragua.org\/wp-content\/uploads\/2017\/07\/45791904_1021988571307247_2685832475426422784_n-3.jpg\" alt=\"\" width=\"960\" height=\"540\" srcset=\"http:\/\/www.foragua.org\/wp-content\/uploads\/2017\/07\/45791904_1021988571307247_2685832475426422784_n-3.jpg 960w, http:\/\/www.foragua.org\/wp-content\/uploads\/2017\/07\/45791904_1021988571307247_2685832475426422784_n-3-300x169.jpg 300w, http:\/\/www.foragua.org\/wp-content\/uploads\/2017\/07\/45791904_1021988571307247_2685832475426422784_n-3-768x432.jpg 768w\" sizes=\"(max-width: 960px) 100vw, 960px\" \/><\/a> <a href=\"http:\/\/www.foragua.org\/wp-content\/uploads\/2017\/07\/52043210_2618015561547846_2310106855176667136_o.jpg\"><img decoding=\"async\" loading=\"lazy\" class=\"alignleft size-large wp-image-1146\" src=\"http:\/\/www.foragua.org\/wp-content\/uploads\/2017\/07\/52043210_2618015561547846_2310106855176667136_o-1024x768.jpg\" alt=\"\" width=\"525\" height=\"394\" srcset=\"http:\/\/www.foragua.org\/wp-content\/uploads\/2017\/07\/52043210_2618015561547846_2310106855176667136_o-1024x768.jpg 1024w, http:\/\/www.foragua.org\/wp-content\/uploads\/2017\/07\/52043210_2618015561547846_2310106855176667136_o-300x225.jpg 300w, http:\/\/www.foragua.org\/wp-content\/uploads\/2017\/07\/52043210_2618015561547846_2310106855176667136_o-768x576.jpg 768w, http:\/\/www.foragua.org\/wp-content\/uploads\/2017\/07\/52043210_2618015561547846_2310106855176667136_o.jpg 1280w\" sizes=\"(max-width: 525px) 100vw, 525px\" \/><\/a> <a href=\"http:\/\/www.foragua.org\/wp-content\/uploads\/2017\/07\/51870224_1083186638520773_4806838470385336320_n.jpg\"><img decoding=\"async\" loading=\"lazy\" class=\"alignleft size-large wp-image-1147\" src=\"http:\/\/www.foragua.org\/wp-content\/uploads\/2017\/07\/51870224_1083186638520773_4806838470385336320_n.jpg\" alt=\"\" width=\"525\" height=\"394\" srcset=\"http:\/\/www.foragua.org\/wp-content\/uploads\/2017\/07\/51870224_1083186638520773_4806838470385336320_n.jpg 960w, http:\/\/www.foragua.org\/wp-content\/uploads\/2017\/07\/51870224_1083186638520773_4806838470385336320_n-300x225.jpg 300w, http:\/\/www.foragua.org\/wp-content\/uploads\/2017\/07\/51870224_1083186638520773_4806838470385336320_n-768x576.jpg 768w\" sizes=\"(max-width: 525px) 100vw, 525px\" \/><\/a><\/p>\n","protected":false},"excerpt":{"rendered":"<p>PROGRAMA DE CAPACITACI\u00d3N CONTINUA \u201cESCUELA DEL AGUA\u201d El 06 de diciembre de 2016 fue un d\u00eda hist\u00f3rico para la conservaci\u00f3n y protecci\u00f3n de los \u00a0recursos h\u00eddricos de la regi\u00f3n sur y del Ecuador entero, puesto que con el apoyo del Fondo Regional del Agua (FORAGUA), Naturaleza y Cultura Internacional (NCI), Fondo para la Conservaci\u00f3n de [&hellip;]<\/p>\n","protected":false},"author":1,"featured_media":848,"parent":0,"menu_order":0,"comment_status":"closed","ping_status":"closed","template":"","meta":[],"_links":{"self":[{"href":"http:\/\/www.foragua.org\/index.php?rest_route=\/wp\/v2\/pages\/417"}],"collection":[{"href":"http:\/\/www.foragua.org\/index.php?rest_route=\/wp\/v2\/pages"}],"about":[{"href":"http:\/\/www.foragua.org\/index.php?rest_route=\/wp\/v2\/types\/page"}],"author":[{"embeddable":true,"href":"http:\/\/www.foragua.org\/index.php?rest_route=\/wp\/v2\/users\/1"}],"replies":[{"embeddable":true,"href":"http:\/\/www.foragua.org\/index.php?rest_route=%2Fwp%2Fv2%2Fcomments&post=417"}],"version-history":[{"count":13,"href":"http:\/\/www.foragua.org\/index.php?rest_route=\/wp\/v2\/pages\/417\/revisions"}],"predecessor-version":[{"id":1148,"href":"http:\/\/www.foragua.org\/index.php?rest_route=\/wp\/v2\/pages\/417\/revisions\/1148"}],"wp:featuredmedia":[{"embeddable":true,"href":"http:\/\/www.foragua.org\/index.php?rest_route=\/wp\/v2\/media\/848"}],"wp:attachment":[{"href":"http:\/\/www.foragua.org\/index.php?rest_route=%2Fwp%2Fv2%2Fmedia&parent=417"}],"curies":[{"name":"wp","href":"https:\/\/api.w.org\/{rel}","templated":true}]}}